{"id":49,"date":"2017-05-17T07:02:48","date_gmt":"2017-05-17T05:02:48","guid":{"rendered":"http:\/\/gite-horizon.com\/?page_id=49"},"modified":"2026-01-23T14:43:56","modified_gmt":"2026-01-23T13:43:56","slug":"quoi-faire","status":"publish","type":"page","link":"https:\/\/gite-horizon.com\/index.php\/quoi-faire\/","title":{"rendered":"QUOI FAIRE ?"},"content":{"rendered":"<p>Il y a des activit\u00e9s pour tous les go\u00fbts, tous les \u00e2ges et tous les budgets. Ci-dessous quelques id\u00e9es&#8230; Nous pouvons \u00e9galement vous envoyer, sur demande, un fichier complet reprenant les principales activit\u00e9s alentours. Vous souhaitez en savoir plus ? N&rsquo;h\u00e9sitez pas \u00e0 nous contacter !<\/p>\n<hr \/>\n<p><span style=\"font-family: arial, helvetica, sans-serif;\"><strong>C\u00f4t\u00e9 Nature\u2026. entre montagnes, cascades, lacs,\u00a0 rivi\u00e8res, grottes et for\u00eats\u2026<\/strong><\/span><\/p>\n<p><span style=\"font-family: arial, helvetica, sans-serif;\">Lac d\u2019Ambl\u00e9on (30 min)<\/span><\/p>\n<p><span style=\"font-family: arial, helvetica, sans-serif;\">Lac de Virieu le Grand (25min)<\/span><\/p>\n<p><span style=\"font-family: arial, helvetica, sans-serif;\">Lac de Barterand \u00e0 Pollieu (30 min)<\/span><\/p>\n<p><span style=\"font-family: arial, helvetica, sans-serif;\">Les Marais de Lavours \u00e0 Cerveyrieu (30min)<\/span><\/p>\n<p><span style=\"font-family: arial, helvetica, sans-serif;\">Lac du Bourget (1h)<\/span><\/p>\n<p><span style=\"font-family: arial, helvetica, sans-serif;\">Col de Portes (B\u00e9nonces \/ 15min)<\/span><\/p>\n<p><span style=\"font-family: arial, helvetica, sans-serif;\">Col du Grand Colombier (Virieu le Petit \/ 40 min)<\/span><\/p>\n<p><span style=\"font-family: arial, helvetica, sans-serif;\">Grottes de La Balme<\/span><\/p>\n<p><span style=\"font-family: arial, helvetica, sans-serif;\">Grottes de Cerdon<\/span><\/p>\n<p><span style=\"font-family: arial, helvetica, sans-serif;\">Cascade de Luizet\u00a0(B\u00e9nonces \/ acc\u00e8s 15min)<\/span><\/p>\n<p><span style=\"font-family: arial, helvetica, sans-serif;\">Cascade de la Brive (Lompnas \/ 15 min)<\/span><\/p>\n<p><span style=\"font-family: arial, helvetica, sans-serif;\">Cascade de Charabotte \u00e0 Chaley (20min)<\/span><\/p>\n<p><span style=\"font-family: arial, helvetica, sans-serif;\">Cascade de Cerveyrieu (acc\u00e8s 30 min)<\/span><\/p>\n<p><span style=\"font-family: arial, helvetica, sans-serif;\">Cascade de Clairefontaine (Virieu le Grand \/ 25 min)<\/span><\/p>\n<p><span style=\"font-family: arial, helvetica, sans-serif;\">Cascade de la Fouge (Cerdon \/ 45 min)<\/span><\/p>\n<p><span style=\"font-family: arial, helvetica, sans-serif;\">La Dombes, et son paysage aux 1000 \u00e9tangs (1h). Profitez-en pour d\u00e9couvrir La Dombes lors d\u2019une promenade originale en cal\u00e8che\u00a0: Les Attelages de la Dombes (Sandrans \/ 1h), ou encore profitez d&rsquo;une journ\u00e9e au Parc des oiseaux.<\/span><\/p>\n<p><span style=\"font-family: arial, helvetica, sans-serif;\">La Vall\u00e9e Bleue, base de loisirs (Serri\u00e8re de Briord \/ Montalieu-Vercieu, 30 min)<\/span><\/p>\n<p><span style=\"font-family: arial, helvetica, sans-serif;\">Et \u00e9videmment, de nombreuses randonn\u00e9es aux alentours du g\u00eete\u00a0!<\/span><\/p>\n<hr \/>\n<p><span style=\"font-family: arial, helvetica, sans-serif;\"><strong>C\u00f4t\u00e9 patrimoine\u2026 petites et grandes cit\u00e9s\u00a0de caract\u00e8re<\/strong><\/span><\/p>\n<p><span style=\"font-family: arial, helvetica, sans-serif;\">Lyon\u00a0: 1h00<\/span><\/p>\n<p><span style=\"font-family: arial, helvetica, sans-serif;\">Cit\u00e9 m\u00e9di\u00e9vale de P\u00e9rouges\u00a0: 40 min<\/span><\/p>\n<p><span style=\"font-family: arial, helvetica, sans-serif;\">Cit\u00e9 m\u00e9di\u00e9vale de Cr\u00e9mieu\u00a0: 1h<\/span><\/p>\n<p><span style=\"font-family: arial, helvetica, sans-serif;\">Aix les bains : 1h15<\/span><\/p>\n<p><span style=\"font-family: arial, helvetica, sans-serif;\">Chamb\u00e9ry\u00a0: 1h15<\/span><\/p>\n<p><span style=\"font-family: arial, helvetica, sans-serif;\">Gen\u00e8ve\u00a0: 1h45<\/span><\/p>\n<p><span style=\"font-family: arial, helvetica, sans-serif;\">Annecy\u00a0: 1h45<\/span><\/p>\n<p><span style=\"font-family: arial, helvetica, sans-serif;\">Et de nombreux villages typiques du Bugey \u00e0 d\u00e9couvrir au gr\u00e9 de vos balades.<\/span><\/p>\n<hr \/>\n<p><span style=\"font-family: arial, helvetica, sans-serif;\"><strong>C\u00f4t\u00e9 sport\u2026<\/strong><\/span><\/p>\n<p><span style=\"font-family: arial, helvetica, sans-serif;\">Stations de Ski \u00e0 proximit\u00e9<\/span><\/p>\n<p><span style=\"font-family: arial, helvetica, sans-serif;\">P\u00eache<\/span><\/p>\n<p><span style=\"font-family: arial, helvetica, sans-serif;\">Via Ferrata<\/span><\/p>\n<p><span style=\"font-family: arial, helvetica, sans-serif;\">Acrobranche<\/span><\/p>\n<p><span style=\"font-family: arial, helvetica, sans-serif;\">Canoe Kayak<\/span><\/p>\n<p><span style=\"font-family: arial, helvetica, sans-serif;\">Balades en b\u00e2teaux \u00e9lectriques (Chanaz, proximit\u00e9 Aix les Bains)<\/span><\/p>\n<p><span style=\"font-family: arial, helvetica, sans-serif;\">Karting<\/span><\/p>\n<p><span style=\"font-family: arial, helvetica, sans-serif;\">Equitation (Ferme de Lavant \u00e0 Th\u00e9zillieu)<\/span><\/p>\n<p><span style=\"font-family: arial, helvetica, sans-serif;\">Baignade<\/span><\/p>\n<p><span style=\"font-family: arial, helvetica, sans-serif;\">Canyoning<\/span><\/p>\n<p><span style=\"font-family: arial, helvetica, sans-serif;\">Sp\u00e9l\u00e9ologie<\/span><\/p>\n<p><span style=\"font-family: arial, helvetica, sans-serif;\">Stade<\/span><\/p>\n<p><span style=\"font-family: arial, helvetica, sans-serif;\">Golf<\/span><\/p>\n<hr \/>\n<p><span style=\"font-family: arial, helvetica, sans-serif;\"><strong>Terroir &amp; gastronomie\u2026 Vins (Cerdon, Pinots, etc.), fromages (Comt\u00e9 AOC, etc.) et gastronomie, entre Lyonnais et Savoie.<\/strong><\/span><\/p>\n<p><span style=\"font-family: arial, helvetica, sans-serif;\">D\u00e9couvrez le Cerdon, vin p\u00e9tillant ros\u00e9 du Bugey\u00a0! Caveau Bertrand -Chapel (Boyeux St j\u00e9r\u00f4me \/ 35min).<\/span><\/p>\n<p><span style=\"font-family: arial, helvetica, sans-serif;\">Le Caveau Bugiste (Vongnes \/ 30min)<\/span><\/p>\n<p><span style=\"font-family: arial, helvetica, sans-serif;\">Ch\u00e8vrerie de Morgelas<\/span><\/p>\n<p><span style=\"font-family: arial, helvetica, sans-serif;\">Ch\u00e8vrerie d\u2019Arandas<\/span><\/p>\n<p><span style=\"font-family: arial, helvetica, sans-serif;\">Fruiti\u00e8re d\u2019Ordonnaz (5min)<\/span><\/p>\n<hr \/>\n<p><span style=\"font-family: arial, helvetica, sans-serif;\"><strong>Les restaurants alentours \u2026<\/strong><\/span><\/p>\n<p><strong>L&rsquo;Auberge de Julien &amp; Magali (Arandas \/ 10min)<\/strong> (notamment Raclette, Fondue &amp; Ramequin en plus des menus classiques)<\/p>\n<p>L&rsquo;Auberge de Contrevoz (Contrevoz \/ 20min)<\/p>\n<p>Bugey Grillade (Tenay \/ 10min)<\/p>\n<p>Val&rsquo;Escale (Rossillon)\u00a0 15min)<\/p>\n<p>La Ferme Guichard (Cormaranche en Bugey \/ 35min)<\/p>\n<p>L&rsquo;Auberge de la Praille (Hauteville-Lompnes \/ 35min)<\/p>\n<p>Et parmi les nombreux semi gastronomiques&#8230;<\/p>\n<p>Les Caudalies (Artemare \/ 30min)<\/p>\n<p>La Fine Fourchette (Virignin \/ 35min)<\/p>\n<p>&#8230;&#8230;&#8230;..<\/p>\n<p><span style=\"font-family: arial, helvetica, sans-serif;\">Sans compter les nombreux bouchons lyonnais (notre coup de c\u0153ur\u00a0: Notre Maison \/ 69005 Lyon), et les immanquables restaurants savoyards que vous trouverez c\u00f4t\u00e9 Savoie,<\/span><\/p>\n<p><span style=\"font-family: arial, helvetica, sans-serif;\">Et de nombreux autres restaurants \u00e0 prix abordables !<\/span><\/p>\n","protected":false},"excerpt":{"rendered":"<p>Il y a des activit\u00e9s pour tous les go\u00fbts, tous les \u00e2ges et tous les budgets. Ci-dessous quelques id\u00e9es&#8230; Nous pouvons \u00e9galement vous envoyer, sur demande, un fichier complet reprenant les principales activit\u00e9s alentours. Vous souhaitez en savoir plus ? N&rsquo;h\u00e9sitez pas \u00e0 nous contacter ! C\u00f4t\u00e9 Nature\u2026. entre montagnes, cascades, lacs,\u00a0 rivi\u00e8res, grottes et &hellip; <\/p>\n<p class=\"link-more\"><a href=\"https:\/\/gite-horizon.com\/index.php\/quoi-faire\/\" class=\"more-link\">Continuer la lecture<span class=\"screen-reader-text\"> de &laquo;&nbsp;QUOI FAIRE ?&nbsp;&raquo;<\/span><\/a><\/p>\n","protected":false},"author":1,"featured_media":0,"parent":0,"menu_order":0,"comment_status":"closed","ping_status":"closed","template":"","meta":{"_monsterinsights_skip_tracking":false,"_monsterinsights_sitenote_active":false,"_monsterinsights_sitenote_note":"","_monsterinsights_sitenote_category":0,"footnotes":""},"class_list":["post-49","page","type-page","status-publish","hentry"],"aioseo_notices":[],"_links":{"self":[{"href":"https:\/\/gite-horizon.com\/index.php\/wp-json\/wp\/v2\/pages\/49","targetHints":{"allow":["GET"]}}],"collection":[{"href":"https:\/\/gite-horizon.com\/index.php\/wp-json\/wp\/v2\/pages"}],"about":[{"href":"https:\/\/gite-horizon.com\/index.php\/wp-json\/wp\/v2\/types\/page"}],"author":[{"embeddable":true,"href":"https:\/\/gite-horizon.com\/index.php\/wp-json\/wp\/v2\/users\/1"}],"replies":[{"embeddable":true,"href":"https:\/\/gite-horizon.com\/index.php\/wp-json\/wp\/v2\/comments?post=49"}],"version-history":[{"count":14,"href":"https:\/\/gite-horizon.com\/index.php\/wp-json\/wp\/v2\/pages\/49\/revisions"}],"predecessor-version":[{"id":495,"href":"https:\/\/gite-horizon.com\/index.php\/wp-json\/wp\/v2\/pages\/49\/revisions\/495"}],"wp:attachment":[{"href":"https:\/\/gite-horizon.com\/index.php\/wp-json\/wp\/v2\/media?parent=49"}],"curies":[{"name":"wp","href":"https:\/\/api.w.org\/{rel}","templated":true}]}}